{"id":16352,"date":"2024-01-04T15:30:54","date_gmt":"2024-01-04T14:30:54","guid":{"rendered":"https:\/\/hautarzt-markovic.fuelmedia.de\/service\/gubitak-kose\/"},"modified":"2026-04-15T10:52:51","modified_gmt":"2026-04-15T08:52:51","slug":"gubitak-kose","status":"publish","type":"service","link":"https:\/\/www.hautarzt-markovic.de\/hr\/service\/gubitak-kose\/","title":{"rendered":"Gubitak kose"},"content":{"rendered":"\t\t<div data-elementor-type=\"wp-post\" data-elementor-id=\"16352\" class=\"elementor elementor-16352 elementor-3766\" data-elementor-post-type=\"service\">\n\t\t\t\t<div class=\"elementor-element elementor-element-26f64d5 e-flex e-con-boxed e-con e-parent\" data-id=\"26f64d5\" data-element_type=\"container\" data-e-type=\"container\" data-settings=\"{&quot;jet_parallax_layout_list&quot;:[]}\">\n\t\t\t\t\t<div class=\"e-con-inner\">\n\t\t<div class=\"elementor-element elementor-element-f6b5390 e-flex e-con-boxed e-con e-child\" data-id=\"f6b5390\" data-element_type=\"container\" data-e-type=\"container\" data-settings=\"{&quot;jet_parallax_layout_list&quot;:[]}\">\n\t\t\t\t\t<div class=\"e-con-inner\">\n\t\t\t\t<div class=\"elementor-element elementor-element-466d7b2 elementor-widget elementor-widget-heading\" data-id=\"466d7b2\" data-element_type=\"widget\" data-e-type=\"widget\" data-widget_type=\"heading.default\">\n\t\t\t\t<div class=\"elementor-widget-container\">\n\t\t\t\t\t<h2 class=\"elementor-heading-title elementor-size-default\">Lije\u010dite gubitak kose kod dermatologa u Frankfurtu<\/h2>\t\t\t\t<\/div>\n\t\t\t\t<\/div>\n\t\t\t\t<div class=\"elementor-element elementor-element-6dd5adb elementor-widget elementor-widget-text-editor\" data-id=\"6dd5adb\" data-element_type=\"widget\" data-e-type=\"widget\" data-widget_type=\"text-editor.default\">\n\t\t\t\t<div class=\"elementor-widget-container\">\n\t\t\t\t\t\t\t\t\t<p>Patite li od gubitka kose? U na\u0161oj dermatolo\u0161koj ordinaciji u Frankfurtu nudimo vam u\u010dinkovite <strong>mogu\u0107nosti lije\u010denja protiv gubitka kose<\/strong> . Na\u0161 iskusni tim temeljito ispituje uzroke va\u0161eg gubitka kose i razvija prilago\u0111ene planove lije\u010denja. Najsuvremenijim metodama lije\u010denja i individualnom njegom poma\u017eemo vam da u\u010dinkovito suzbijete gubitak kose i vratite zdravu, punu kosu.<\/p><p>Zaka\u017eite termin ve\u0107 danas i dopustite na\u0161im dermatolozima da vas savjetuju.<\/p>\t\t\t\t\t\t\t\t<\/div>\n\t\t\t\t<\/div>\n\t\t<div class=\"elementor-element elementor-element-fd5a460 post-image-section e-flex e-con-boxed e-con e-child\" data-id=\"fd5a460\" data-element_type=\"container\" data-e-type=\"container\" data-settings=\"{&quot;jet_parallax_layout_list&quot;:[]}\">\n\t\t\t\t\t<div class=\"e-con-inner\">\n\t\t\t\t<div class=\"elementor-element elementor-element-fdb25d1 elementor-widget elementor-widget-image\" data-id=\"fdb25d1\" data-element_type=\"widget\" data-e-type=\"widget\" data-widget_type=\"image.default\">\n\t\t\t\t<div class=\"elementor-widget-container\">\n\t\t\t\t\t\t\t\t\t\t\t\t\t\t\t<img fetchpriority=\"high\" decoding=\"async\" width=\"1200\" height=\"800\" src=\"https:\/\/www.hautarzt-markovic.de\/wp-content\/uploads\/2024\/01\/Haarausfall-Tricholab.jpg\" class=\"attachment-full size-full wp-image-25245\" alt=\"Gubitak kose Tricholab\" srcset=\"https:\/\/www.hautarzt-markovic.de\/wp-content\/uploads\/2024\/01\/Haarausfall-Tricholab.jpg 1200w, https:\/\/www.hautarzt-markovic.de\/wp-content\/uploads\/2024\/01\/Haarausfall-Tricholab-300x200.jpg 300w, https:\/\/www.hautarzt-markovic.de\/wp-content\/uploads\/2024\/01\/Haarausfall-Tricholab-1024x683.jpg 1024w, https:\/\/www.hautarzt-markovic.de\/wp-content\/uploads\/2024\/01\/Haarausfall-Tricholab-768x512.jpg 768w\" sizes=\"(max-width: 1200px) 100vw, 1200px\" \/>\t\t\t\t\t\t\t\t\t\t\t\t\t\t\t<\/div>\n\t\t\t\t<\/div>\n\t\t\t\t\t<\/div>\n\t\t\t\t<\/div>\n\t\t\t\t\t<\/div>\n\t\t\t\t<\/div>\n\t\t<div class=\"elementor-element elementor-element-0c987d6 e-flex e-con-boxed e-con e-child\" data-id=\"0c987d6\" data-element_type=\"container\" data-e-type=\"container\" data-settings=\"{&quot;jet_parallax_layout_list&quot;:[]}\">\n\t\t\t\t\t<div class=\"e-con-inner\">\n\t\t\t\t<div class=\"elementor-element elementor-element-308209e elementor-widget elementor-widget-heading\" data-id=\"308209e\" data-element_type=\"widget\" data-e-type=\"widget\" data-widget_type=\"heading.default\">\n\t\t\t\t<div class=\"elementor-widget-container\">\n\t\t\t\t\t<h2 class=\"elementor-heading-title elementor-size-default\">Uzroci gubitka kose<\/h2>\t\t\t\t<\/div>\n\t\t\t\t<\/div>\n\t\t\t\t<div class=\"elementor-element elementor-element-5b6f44c elementor-widget elementor-widget-text-editor\" data-id=\"5b6f44c\" data-element_type=\"widget\" data-e-type=\"widget\" data-widget_type=\"text-editor.default\">\n\t\t\t\t<div class=\"elementor-widget-container\">\n\t\t\t\t\t\t\t\t\t<p><strong>Glavni uzroci gubitka kose<\/strong> uklju\u010duju nasljedni gubitak kose, gubitak kose povezan s bole\u0161\u0107u kao \u0161to je alopecija areata, hormonsku neravnote\u017eu, nedostatak hranjivih tvari i stres.<\/p><p>Za postavljanje to\u010dne dijagnoze neophodno je temeljito istra\u017eivanje uzroka. Laboratorijski testovi i analiza kose mogu se provesti pomo\u0107u TrichoLAB-a.<\/p><p>To nam omogu\u0107uje analizu korijena kose, procjenu kvalitete kose i obrazac gubitka kose te tako suziti uzrok. Tada mo\u017eemo procijeniti koju pojedina\u010dnu <strong>metodu lije\u010denja opadanja kose<\/strong> treba koristiti za vas kako biste dugotrajno zaustavili ispadanje i potaknuli ponovni rast kose.<\/p>\t\t\t\t\t\t\t\t<\/div>\n\t\t\t\t<\/div>\n\t\t\t\t\t<\/div>\n\t\t\t\t<\/div>\n\t\t<div class=\"elementor-element elementor-element-c4ac190 e-con-full e-flex e-con e-child\" data-id=\"c4ac190\" data-element_type=\"container\" data-e-type=\"container\" data-settings=\"{&quot;jet_parallax_layout_list&quot;:[]}\">\n\t\t\t\t<div class=\"elementor-element elementor-element-4fdd67c elementor-widget elementor-widget-heading\" data-id=\"4fdd67c\" data-element_type=\"widget\" data-e-type=\"widget\" data-widget_type=\"heading.default\">\n\t\t\t\t<div class=\"elementor-widget-container\">\n\t\t\t\t\t<h2 class=\"elementor-heading-title elementor-size-default\">Gubitak kose - pomo\u0107 i savjeti - zdravo Hessen s Dr. Aleksandar Markovi\u0107<\/h2>\t\t\t\t<\/div>\n\t\t\t\t<\/div>\n\t\t\t\t<div class=\"elementor-element elementor-element-146635c elementor-widget elementor-widget-text-editor\" data-id=\"146635c\" data-element_type=\"widget\" data-e-type=\"widget\" data-widget_type=\"text-editor.default\">\n\t\t\t\t<div class=\"elementor-widget-container\">\n\t\t\t\t\t\t\t\t\t<p>Pogledajte intervju s dr. A. Markovi\u0107 na \u201chello hessen\u201d na temu gubitka kose.<\/p>\t\t\t\t\t\t\t\t<\/div>\n\t\t\t\t<\/div>\n\t\t\t\t<div class=\"elementor-element elementor-element-352de77 elementor-widget elementor-widget-html\" data-id=\"352de77\" data-element_type=\"widget\" data-e-type=\"widget\" data-widget_type=\"html.default\">\n\t\t\t\t<div class=\"elementor-widget-container\">\n\t\t\t\t\t <div class=\"brlbs-cmpnt-container brlbs-cmpnt-content-blocker brlbs-cmpnt-with-individual-styles\" data-borlabs-cookie-content-blocker-id=\"ard-mediathek\" data-borlabs-cookie-content=\"PGlmcmFtZSBzcmM9Imh0dHBzOi8vd3d3LmFyZG1lZGlhdGhlay5kZS9lbWJlZC9ZbU5sTnprMk5tSXROamhsTXkwME4yRXpMV0prTkdJdFpUQmhPVE15WTJObE56Um0\/c3RhcnRUaW1lPTIxMTMuODkmYW1wO2VuZFRpbWU9MjcwMC4wOCIgd2lkdGg9IjY0MCIgaGVpZ2h0PSIzNjAiIGFsbG93ZnVsbHNjcmVlbj0iIiBhbGxvdz0iY2xpcGJvYXJkLXJlYWQ7IGNsaXBib2FyZC13cml0ZSIgZnJhbWVib3JkZXI9IjAiIHNjcm9sbGluZz0ibm8iPjwvaWZyYW1lPg==\"><div class=\"brlbs-cmpnt-cb-preset-a\"> <p class=\"brlbs-cmpnt-cb-description\">Sie sehen gerade einen Platzhalterinhalt von <strong>ARD Mediathek<\/strong>. Um auf den eigentlichen Inhalt zuzugreifen, klicken Sie auf den Button unten. Bitte beachten Sie, dass dabei Daten an Drittanbieter weitergegeben werden.<\/p> <div class=\"brlbs-cmpnt-cb-buttons\"> <a class=\"brlbs-cmpnt-cb-btn\" href=\"#\" data-borlabs-cookie-unblock role=\"button\">Inhalt entsperren<\/a> <a class=\"brlbs-cmpnt-cb-btn\" href=\"#\" data-borlabs-cookie-accept-service role=\"button\" style=\"display: inherit\">Erforderlichen Service akzeptieren und Inhalte entsperren<\/a> <\/div> <a class=\"brlbs-cmpnt-cb-provider-toggle\" href=\"#\" data-borlabs-cookie-show-provider-information role=\"button\">Weitere Informationen<\/a> <\/div><\/div>\t\t\t\t<\/div>\n\t\t\t\t<\/div>\n\t\t\t\t<div class=\"elementor-element elementor-element-a6b4cc9 elementor-widget elementor-widget-html\" data-id=\"a6b4cc9\" data-element_type=\"widget\" data-e-type=\"widget\" id=\"tricholab\" data-widget_type=\"html.default\">\n\t\t\t\t<div class=\"elementor-widget-container\">\n\t\t\t\t\t <div class=\"brlbs-cmpnt-container brlbs-cmpnt-content-blocker brlbs-cmpnt-with-individual-styles\" data-borlabs-cookie-content-blocker-id=\"ard-mediathek\" data-borlabs-cookie-content=\"PGlmcmFtZSBzcmM9Imh0dHBzOi8vd3d3LmFyZG1lZGlhdGhlay5kZS9lbWJlZC9ZamhtTUdNek9HTXRORGxqWkMwMFlUQmlMVGs1WmpBdE56RmpOVEZsWkRFNE1XRmw\/c3RhcnRUaW1lPTIzODguMDAmYW1wO2VuZFRpbWU9Mjc1NC4wMCIgd2lkdGg9IjY0MCIgaGVpZ2h0PSIzNjAiIGFsbG93ZnVsbHNjcmVlbj0iIiBhbGxvdz0iY2xpcGJvYXJkLXJlYWQ7IGNsaXBib2FyZC13cml0ZSIgZnJhbWVib3JkZXI9IjAiIHNjcm9sbGluZz0ibm8iPjwvaWZyYW1lPg==\"><div class=\"brlbs-cmpnt-cb-preset-a\"> <p class=\"brlbs-cmpnt-cb-description\">Sie sehen gerade einen Platzhalterinhalt von <strong>ARD Mediathek<\/strong>. Um auf den eigentlichen Inhalt zuzugreifen, klicken Sie auf den Button unten. Bitte beachten Sie, dass dabei Daten an Drittanbieter weitergegeben werden.<\/p> <div class=\"brlbs-cmpnt-cb-buttons\"> <a class=\"brlbs-cmpnt-cb-btn\" href=\"#\" data-borlabs-cookie-unblock role=\"button\">Inhalt entsperren<\/a> <a class=\"brlbs-cmpnt-cb-btn\" href=\"#\" data-borlabs-cookie-accept-service role=\"button\" style=\"display: inherit\">Erforderlichen Service akzeptieren und Inhalte entsperren<\/a> <\/div> <a class=\"brlbs-cmpnt-cb-provider-toggle\" href=\"#\" data-borlabs-cookie-show-provider-information role=\"button\">Weitere Informationen<\/a> <\/div><\/div>\n\t\t\t\t<\/div>\n\t\t\t\t<\/div>\n\t\t\t\t<\/div>\n\t\t<div class=\"elementor-element elementor-element-1137954 e-flex e-con-boxed e-con e-child\" data-id=\"1137954\" data-element_type=\"container\" data-e-type=\"container\" data-settings=\"{&quot;jet_parallax_layout_list&quot;:[]}\">\n\t\t\t\t\t<div class=\"e-con-inner\">\n\t\t\t\t<div class=\"elementor-element elementor-element-0e51148 elementor-widget elementor-widget-heading\" data-id=\"0e51148\" data-element_type=\"widget\" data-e-type=\"widget\" data-widget_type=\"heading.default\">\n\t\t\t\t<div class=\"elementor-widget-container\">\n\t\t\t\t\t<h2 class=\"elementor-heading-title elementor-size-default\">Lije\u010denje gubitka kose s TrichoLAB-om<\/h2>\t\t\t\t<\/div>\n\t\t\t\t<\/div>\n\t\t\t\t<div class=\"elementor-element elementor-element-59c6448 elementor-widget elementor-widget-text-editor\" data-id=\"59c6448\" data-element_type=\"widget\" data-e-type=\"widget\" data-widget_type=\"text-editor.default\">\n\t\t\t\t<div class=\"elementor-widget-container\">\n\t\t\t\t\t\t\t\t\t<p>TrichoLAB je suvremena dijagnosti\u010dka metoda za pregled kose i vlasi\u0161ta trihoskopijom. Ova neinvazivna digitalna analiza slike omogu\u0107uje preciznu dijagnozu bez potrebe za uklanjanjem dlaka.<\/p><p>Ovim neinvazivnim dijagnosti\u010dkim postupkom i uz pomo\u0107 na\u0161ih stru\u010dnjaka specijaliziranih za gubitak kose mo\u017ee se br\u017ee i to\u010dnije utvrditi uzrok gubitka kose. Nadalje, mo\u017ee se odrediti ciklus rasta kose. To nam omogu\u0107uje da odredimo terapiju prilago\u0111enu Va\u0161em gubitku kose i objektivno pratimo tijek terapije. To zna\u010di da mo\u017eemo <strong>u\u010dinkovito zaustaviti i boriti se protiv va\u0161eg gubitka kose.<\/strong><\/p>\t\t\t\t\t\t\t\t<\/div>\n\t\t\t\t<\/div>\n\t\t<div class=\"elementor-element elementor-element-8076094 e-con-full e-flex e-con e-child\" data-id=\"8076094\" data-element_type=\"container\" data-e-type=\"container\" data-settings=\"{&quot;jet_parallax_layout_list&quot;:[]}\">\n\t\t\t\t<div class=\"elementor-element elementor-element-0217cd0 elementor-align-left cta-btn elementor-widget elementor-widget-button\" data-id=\"0217cd0\" data-element_type=\"widget\" data-e-type=\"widget\" data-settings=\"{&quot;_animation&quot;:&quot;none&quot;}\" data-widget_type=\"button.default\">\n\t\t\t\t<div class=\"elementor-widget-container\">\n\t\t\t\t\t\t\t\t\t<div class=\"elementor-button-wrapper\">\n\t\t\t\t\t<a class=\"elementor-button elementor-button-link elementor-size-sm\" href=\"https:\/\/www.hautarzt-markovic.de\/wp-content\/uploads\/2025\/09\/TrichoLAB_report_Lab_processing.pdf\" target=\"_blank\">\n\t\t\t\t\t\t<span class=\"elementor-button-content-wrapper\">\n\t\t\t\t\t\t<span class=\"elementor-button-icon\">\n\t\t\t\t<svg aria-hidden=\"true\" class=\"e-font-icon-svg e-far-file-pdf\" viewBox=\"0 0 384 512\" xmlns=\"http:\/\/www.w3.org\/2000\/svg\"><path d=\"M369.9 97.9L286 14C277 5 264.8-.1 252.1-.1H48C21.5 0 0 21.5 0 48v416c0 26.5 21.5 48 48 48h288c26.5 0 48-21.5 48-48V131.9c0-12.7-5.1-25-14.1-34zM332.1 128H256V51.9l76.1 76.1zM48 464V48h160v104c0 13.3 10.7 24 24 24h104v288H48zm250.2-143.7c-12.2-12-47-8.7-64.4-6.5-17.2-10.5-28.7-25-36.8-46.3 3.9-16.1 10.1-40.6 5.4-56-4.2-26.2-37.8-23.6-42.6-5.9-4.4 16.1-.4 38.5 7 67.1-10 23.9-24.9 56-35.4 74.4-20 10.3-47 26.2-51 46.2-3.3 15.8 26 55.2 76.1-31.2 22.4-7.4 46.8-16.5 68.4-20.1 18.9 10.2 41 17 55.8 17 25.5 0 28-28.2 17.5-38.7zm-198.1 77.8c5.1-13.7 24.5-29.5 30.4-35-19 30.3-30.4 35.7-30.4 35zm81.6-190.6c7.4 0 6.7 32.1 1.8 40.8-4.4-13.9-4.3-40.8-1.8-40.8zm-24.4 136.6c9.7-16.9 18-37 24.7-54.7 8.3 15.1 18.9 27.2 30.1 35.5-20.8 4.3-38.9 13.1-54.8 19.2zm131.6-5s-5 6-37.3-7.8c35.1-2.6 40.9 5.4 37.3 7.8z\"><\/path><\/svg>\t\t\t<\/span>\n\t\t\t\t\t\t\t\t\t<span class=\"elementor-button-text\">Primjer evaluacije TrichoLAB-a<\/span>\n\t\t\t\t\t<\/span>\n\t\t\t\t\t<\/a>\n\t\t\t\t<\/div>\n\t\t\t\t\t\t\t\t<\/div>\n\t\t\t\t<\/div>\n\t\t\t\t<div class=\"elementor-element elementor-element-ba87288 cta-btn elementor-mobile-align-justify elementor-widget elementor-widget-button\" data-id=\"ba87288\" data-element_type=\"widget\" data-e-type=\"widget\" data-widget_type=\"button.default\">\n\t\t\t\t<div class=\"elementor-widget-container\">\n\t\t\t\t\t\t\t\t\t<div class=\"elementor-button-wrapper\">\n\t\t\t\t\t<a class=\"elementor-button elementor-button-link elementor-size-sm\" href=\"https:\/\/www.doctolib.de\/privatpraxis\/frankfurt-am-main\/private-hautarztpraxis-am-schweizer-platz\/booking\/motives?specialityId=1289&#038;telehealth=false&#038;placeId=practice-349384&#038;insuranceSectorEnabled=true&#038;insuranceSector=private&#038;motiveCategoryIds%5B%5D=182940&#038;bookingFunnelSource=profile\" target=\"_blank\" rel=\"noopener\">\n\t\t\t\t\t\t<span class=\"elementor-button-content-wrapper\">\n\t\t\t\t\t\t\t\t\t<span class=\"elementor-button-text\">Za zakazivanje termina putem interneta<\/span>\n\t\t\t\t\t<\/span>\n\t\t\t\t\t<\/a>\n\t\t\t\t<\/div>\n\t\t\t\t\t\t\t\t<\/div>\n\t\t\t\t<\/div>\n\t\t\t\t<\/div>\n\t\t<div class=\"elementor-element elementor-element-a95ff35 e-grid post-image-section e-con-boxed e-con e-child\" data-id=\"a95ff35\" data-element_type=\"container\" data-e-type=\"container\" data-settings=\"{&quot;jet_parallax_layout_list&quot;:[]}\">\n\t\t\t\t\t<div class=\"e-con-inner\">\n\t\t\t\t<div class=\"elementor-element elementor-element-cf4e821 elementor-widget elementor-widget-image\" data-id=\"cf4e821\" data-element_type=\"widget\" data-e-type=\"widget\" data-widget_type=\"image.default\">\n\t\t\t\t<div class=\"elementor-widget-container\">\n\t\t\t\t\t\t\t\t\t\t\t\t\t\t\t<img decoding=\"async\" width=\"400\" height=\"325\" src=\"https:\/\/www.hautarzt-markovic.de\/wp-content\/uploads\/2022\/04\/csm_TrichoSnApp_800x650_425090cb43.jpg\" class=\"attachment-full size-full wp-image-16360\" alt=\"Lije\u010denje triholabom\" srcset=\"https:\/\/www.hautarzt-markovic.de\/wp-content\/uploads\/2022\/04\/csm_TrichoSnApp_800x650_425090cb43.jpg 400w, https:\/\/www.hautarzt-markovic.de\/wp-content\/uploads\/2022\/04\/csm_TrichoSnApp_800x650_425090cb43-300x244.jpg 300w\" sizes=\"(max-width: 400px) 100vw, 400px\" \/>\t\t\t\t\t\t\t\t\t\t\t\t\t\t\t<\/div>\n\t\t\t\t<\/div>\n\t\t\t\t\t<\/div>\n\t\t\t\t<\/div>\n\t\t\t\t\t<\/div>\n\t\t\t\t<\/div>\n\t\t<div class=\"elementor-element elementor-element-e417456 e-flex e-con-boxed e-con e-child\" data-id=\"e417456\" data-element_type=\"container\" data-e-type=\"container\" data-settings=\"{&quot;jet_parallax_layout_list&quot;:[]}\">\n\t\t\t\t\t<div class=\"e-con-inner\">\n\t\t\t\t<div class=\"elementor-element elementor-element-13a2bdf elementor-widget elementor-widget-heading\" data-id=\"13a2bdf\" data-element_type=\"widget\" data-e-type=\"widget\" data-widget_type=\"heading.default\">\n\t\t\t\t<div class=\"elementor-widget-container\">\n\t\t\t\t\t<h2 class=\"elementor-heading-title elementor-size-default\">PRP za gubitak kose<\/h2>\t\t\t\t<\/div>\n\t\t\t\t<\/div>\n\t\t\t\t<div class=\"elementor-element elementor-element-eca3ae3 elementor-widget elementor-widget-text-editor\" data-id=\"eca3ae3\" data-element_type=\"widget\" data-e-type=\"widget\" data-widget_type=\"text-editor.default\">\n\t\t\t\t<div class=\"elementor-widget-container\">\n\t\t\t\t\t\t\t\t\t<p>PRP, tako\u0111er poznat kao Plazma bogata trombocitima, inovativna je terapija autolognom krvlju u kojoj se mala koli\u010dina krvi (10 ml) uzima iz vene. Ta se krv zatim centrifugira i filtrira kako bi se dobio koncentrirani pripravak trombocita bogat faktorima rasta kao \u0161to su VEGF, EDGF i FGF. Ovako dobivena plazma ubrizgava se posebno u zahva\u0107ena podru\u010dja vlasi\u0161ta, gdje poti\u010de aktivaciju stanica koje stvaraju krvne \u017eile i poti\u010de rast kose. Stvaranjem novih krvnih \u017eila, i korijen kose dobiva bolju prokrvljenost. Dlaka ponovno postaje gu\u0161\u0107a i ja\u010da.<\/p><p>Budu\u0107i da se radi o vlastitoj krvi, ne o\u010dekuju se nuspojave niti alergijske reakcije, pa je ova terapija prikladna i za mu\u0161karce i za \u017eene.  <\/p>\t\t\t\t\t\t\t\t<\/div>\n\t\t\t\t<\/div>\n\t\t<div class=\"elementor-element elementor-element-4218ee6 post-image-section e-flex e-con-boxed e-con e-child\" data-id=\"4218ee6\" data-element_type=\"container\" data-e-type=\"container\" data-settings=\"{&quot;jet_parallax_layout_list&quot;:[]}\">\n\t\t\t\t\t<div class=\"e-con-inner\">\n\t\t\t\t<div class=\"elementor-element elementor-element-94c59bc elementor-widget elementor-widget-image\" data-id=\"94c59bc\" data-element_type=\"widget\" data-e-type=\"widget\" data-widget_type=\"image.default\">\n\t\t\t\t<div class=\"elementor-widget-container\">\n\t\t\t\t\t\t\t\t\t\t\t\t\t\t\t<img decoding=\"async\" width=\"459\" height=\"520\" src=\"https:\/\/www.hautarzt-markovic.de\/wp-content\/uploads\/2022\/04\/PRP2.png\" class=\"attachment-full size-full wp-image-16363\" alt=\"PRP2 Gubitak kose\" srcset=\"https:\/\/www.hautarzt-markovic.de\/wp-content\/uploads\/2022\/04\/PRP2.png 459w, https:\/\/www.hautarzt-markovic.de\/wp-content\/uploads\/2022\/04\/PRP2-265x300.png 265w\" sizes=\"(max-width: 459px) 100vw, 459px\" \/>\t\t\t\t\t\t\t\t\t\t\t\t\t\t\t<\/div>\n\t\t\t\t<\/div>\n\t\t\t\t\t<\/div>\n\t\t\t\t<\/div>\n\t\t\t\t<div class=\"elementor-element elementor-element-01d4a1e elementor-widget elementor-widget-heading\" data-id=\"01d4a1e\" data-element_type=\"widget\" data-e-type=\"widget\" data-widget_type=\"heading.default\">\n\t\t\t\t<div class=\"elementor-widget-container\">\n\t\t\t\t\t<h3 class=\"elementor-heading-title elementor-size-default\">Prednosti PRP tretmana protiv gubitka kose<\/h3>\t\t\t\t<\/div>\n\t\t\t\t<\/div>\n\t\t\t\t<div class=\"elementor-element elementor-element-dda12f9 elementor-widget elementor-widget-text-editor\" data-id=\"dda12f9\" data-element_type=\"widget\" data-e-type=\"widget\" data-widget_type=\"text-editor.default\">\n\t\t\t\t<div class=\"elementor-widget-container\">\n\t\t\t\t\t\t\t\t\t<p>PRP terapija je prikladna za svaki tip kose zbog kori\u0161tenja vlastite krvne plazme, a minimalizira rizik od alergijskih reakcija. Primjena poti\u010de cirkulaciju krvi u vlasi\u0161tu, dok faktori rasta sadr\u017eani u PRP-u aktiviraju \u201euspavane\u201c folikule dlake. Ako se rano primijeni, <strong>PRP terapija protiv gubitka kose<\/strong> mo\u017ee reaktivirati preostali korijen kose i tako potencijalno sprije\u010diti transplantaciju kose.<\/p>\t\t\t\t\t\t\t\t<\/div>\n\t\t\t\t<\/div>\n\t\t<div class=\"elementor-element elementor-element-8ead21d post-image-section e-flex e-con-boxed e-con e-child\" data-id=\"8ead21d\" data-element_type=\"container\" data-e-type=\"container\" data-settings=\"{&quot;jet_parallax_layout_list&quot;:[]}\">\n\t\t\t\t\t<div class=\"e-con-inner\">\n\t\t\t\t<div class=\"elementor-element elementor-element-bbc0fbe elementor-widget elementor-widget-image\" data-id=\"bbc0fbe\" data-element_type=\"widget\" data-e-type=\"widget\" data-widget_type=\"image.default\">\n\t\t\t\t<div class=\"elementor-widget-container\">\n\t\t\t\t\t\t\t\t\t\t\t\t\t\t\t<img loading=\"lazy\" decoding=\"async\" width=\"456\" height=\"517\" src=\"https:\/\/www.hautarzt-markovic.de\/wp-content\/uploads\/2022\/04\/PRP3.png\" class=\"attachment-full size-full wp-image-16364\" alt=\"PRP3 gubitak kose\" srcset=\"https:\/\/www.hautarzt-markovic.de\/wp-content\/uploads\/2022\/04\/PRP3.png 456w, https:\/\/www.hautarzt-markovic.de\/wp-content\/uploads\/2022\/04\/PRP3-265x300.png 265w\" sizes=\"(max-width: 456px) 100vw, 456px\" \/>\t\t\t\t\t\t\t\t\t\t\t\t\t\t\t<\/div>\n\t\t\t\t<\/div>\n\t\t\t\t\t<\/div>\n\t\t\t\t<\/div>\n\t\t\t\t<div class=\"elementor-element elementor-element-ccff822 elementor-widget elementor-widget-heading\" data-id=\"ccff822\" data-element_type=\"widget\" data-e-type=\"widget\" data-widget_type=\"heading.default\">\n\t\t\t\t<div class=\"elementor-widget-container\">\n\t\t\t\t\t<h3 class=\"elementor-heading-title elementor-size-default\">Proces lije\u010denja i sesije osvje\u017eenja<\/h3>\t\t\t\t<\/div>\n\t\t\t\t<\/div>\n\t\t\t\t<div class=\"elementor-element elementor-element-8cbf453 elementor-widget elementor-widget-text-editor\" data-id=\"8cbf453\" data-element_type=\"widget\" data-e-type=\"widget\" data-widget_type=\"text-editor.default\">\n\t\t\t\t<div class=\"elementor-widget-container\">\n\t\t\t\t\t\t\t\t\t<p>Za optimalne rezultate preporu\u010damo najmanje tri tretmana u razmaku od \u010detiri tjedna. Osim toga, preporu\u010damo pripravke na recept i otopine za vlasi\u0161te bez recepta za poja\u010davanje u\u010dinka.<\/p><p>Vidljivi rezultati mogu se o\u010dekivati \u200b\u200botprilike tri mjeseca nakon zavr\u0161etka tretmana. Nakon tretmana pomo\u0107u TrichoLAB-a mogu\u0107e je objektivno procijeniti gusto\u0107u i snagu kose. Kako bi se rezultati odr\u017eali dugoro\u010dno, preporu\u010damo redovito osvje\u017eenje u individualno definiranom vremenskom okviru.<\/p>\t\t\t\t\t\t\t\t<\/div>\n\t\t\t\t<\/div>\n\t\t\t\t\t<\/div>\n\t\t\t\t<\/div>\n\t\t<div class=\"elementor-element elementor-element-097612c e-flex e-con-boxed e-con e-child\" data-id=\"097612c\" data-element_type=\"container\" data-e-type=\"container\" data-settings=\"{&quot;jet_parallax_layout_list&quot;:[]}\">\n\t\t\t\t\t<div class=\"e-con-inner\">\n\t\t\t\t<div class=\"elementor-element elementor-element-5241c7b elementor-widget elementor-widget-heading\" data-id=\"5241c7b\" data-element_type=\"widget\" data-e-type=\"widget\" data-widget_type=\"heading.default\">\n\t\t\t\t<div class=\"elementor-widget-container\">\n\t\t\t\t\t<h2 class=\"elementor-heading-title elementor-size-default\">Mezoterapija protiv opadanja kose<\/h2>\t\t\t\t<\/div>\n\t\t\t\t<\/div>\n\t\t\t\t<div class=\"elementor-element elementor-element-abb4a7e elementor-widget elementor-widget-text-editor\" data-id=\"abb4a7e\" data-element_type=\"widget\" data-e-type=\"widget\" data-widget_type=\"text-editor.default\">\n\t\t\t\t<div class=\"elementor-widget-container\">\n\t\t\t\t\t\t\t\t\t<p>Mezoterapija nudi nje\u017ean i u\u010dinkovit na\u010din borbe protiv gubitka kose i promicanja zdravlja kose. Ovom neinvazivnom metodom lije\u010denja posebni aktivni sastojci poput vitamina, peptida (aminokiselina) i hijaluronske kiseline ubrizgavaju se izravno u vlasi\u0161te.<\/p>\t\t\t\t\t\t\t\t<\/div>\n\t\t\t\t<\/div>\n\t\t\t\t<div class=\"elementor-element elementor-element-3a44c18 elementor-widget elementor-widget-heading\" data-id=\"3a44c18\" data-element_type=\"widget\" data-e-type=\"widget\" data-widget_type=\"heading.default\">\n\t\t\t\t<div class=\"elementor-widget-container\">\n\t\t\t\t\t<h3 class=\"elementor-heading-title elementor-size-default\">Kako djeluje mezoterapija?<\/h3>\t\t\t\t<\/div>\n\t\t\t\t<\/div>\n\t\t\t\t<div class=\"elementor-element elementor-element-d656508 elementor-widget elementor-widget-text-editor\" data-id=\"d656508\" data-element_type=\"widget\" data-e-type=\"widget\" data-widget_type=\"text-editor.default\">\n\t\t\t\t<div class=\"elementor-widget-container\">\n\t\t\t\t\t\t\t\t\t<p>Ovi prirodni aktivni sastojci ubrizgane hranjive otopine revitaliziraju korijen kose, usporavaju ili zaustavljaju gubitak kose i poti\u010du prokrvljenost vlasi\u0161ta. To pobolj\u0161ava kvalitetu kose i poti\u010de obnovljeni, odr\u017eivi rast.<\/p>\t\t\t\t\t\t\t\t<\/div>\n\t\t\t\t<\/div>\n\t\t\t\t<div class=\"elementor-element elementor-element-6a65430 elementor-widget elementor-widget-heading\" data-id=\"6a65430\" data-element_type=\"widget\" data-e-type=\"widget\" data-widget_type=\"heading.default\">\n\t\t\t\t<div class=\"elementor-widget-container\">\n\t\t\t\t\t<h3 class=\"elementor-heading-title elementor-size-default\">Za koga je pogodna mezoterapija?<\/h3>\t\t\t\t<\/div>\n\t\t\t\t<\/div>\n\t\t\t\t<div class=\"elementor-element elementor-element-4cf3dfe elementor-widget elementor-widget-text-editor\" data-id=\"4cf3dfe\" data-element_type=\"widget\" data-e-type=\"widget\" data-widget_type=\"text-editor.default\">\n\t\t\t\t<div class=\"elementor-widget-container\">\n\t\t\t\t\t\t\t\t\t<p>Najve\u0107u korist od mezoterapije imaju pacijenti s jo\u0161 prisutnim korijenom dla\u010dica, stoga je rana intervencija klju\u010dna. Iskustvo je pokazalo da je uspje\u0161nost ovog tretmana preko 80%. Tipi\u010dni rezultati su:<\/p><ul><li>Smanjenje gubitka kose nakon tre\u0107eg tretmana.<\/li><li>Ponovni rast zdravije, punije kose nakon tri do \u010detiri mjeseca.<\/li><li>Lije\u010denje bla\u017eih oblika kru\u017enog gubitka kose (alopecia areata).<\/li><\/ul>\t\t\t\t\t\t\t\t<\/div>\n\t\t\t\t<\/div>\n\t\t\t\t<div class=\"elementor-element elementor-element-d73eea2 elementor-widget elementor-widget-heading\" data-id=\"d73eea2\" data-element_type=\"widget\" data-e-type=\"widget\" data-widget_type=\"heading.default\">\n\t\t\t\t<div class=\"elementor-widget-container\">\n\t\t\t\t\t<h3 class=\"elementor-heading-title elementor-size-default\">Proces lije\u010denja i sesije osvje\u017eenja<\/h3>\t\t\t\t<\/div>\n\t\t\t\t<\/div>\n\t\t\t\t<div class=\"elementor-element elementor-element-d12a9d5 elementor-widget elementor-widget-text-editor\" data-id=\"d12a9d5\" data-element_type=\"widget\" data-e-type=\"widget\" data-widget_type=\"text-editor.default\">\n\t\t\t\t<div class=\"elementor-widget-container\">\n\t\t\t\t\t\t\t\t\t<p>U ve\u0107ini slu\u010dajeva potrebno je 10 tretmana u tjednim intervalima za postizanje trajnog uspjeha. Za odr\u017eavanje rezultata preporu\u010damo redovite tretmane osvje\u017eenja u individualno odre\u0111enim intervalima.<\/p>\t\t\t\t\t\t\t\t<\/div>\n\t\t\t\t<\/div>\n\t\t\t\t\t<\/div>\n\t\t\t\t<\/div>\n\t\t<div class=\"elementor-element elementor-element-889d1cd e-flex e-con-boxed e-con e-child\" data-id=\"889d1cd\" data-element_type=\"container\" data-e-type=\"container\" data-settings=\"{&quot;jet_parallax_layout_list&quot;:[]}\">\n\t\t\t\t\t<div class=\"e-con-inner\">\n\t\t\t\t<div class=\"elementor-element elementor-element-a804d62 elementor-widget elementor-widget-heading\" data-id=\"a804d62\" data-element_type=\"widget\" data-e-type=\"widget\" data-widget_type=\"heading.default\">\n\t\t\t\t<div class=\"elementor-widget-container\">\n\t\t\t\t\t<h2 class=\"elementor-heading-title elementor-size-default\">Alopecija areata (kru\u017eni gubitak kose)\n<\/h2>\t\t\t\t<\/div>\n\t\t\t\t<\/div>\n\t\t\t\t<div class=\"elementor-element elementor-element-5f4ec2f elementor-widget elementor-widget-text-editor\" data-id=\"5f4ec2f\" data-element_type=\"widget\" data-e-type=\"widget\" data-widget_type=\"text-editor.default\">\n\t\t\t\t<div class=\"elementor-widget-container\">\n\t\t\t\t\t\t\t\t\t<p>Uzrok kru\u017enog <strong>gubitka kose<\/strong> ostaje uglavnom nejasan, iako se sumnja da infekcija dovodi do aktivacije tjelesnih imunolo\u0161kih stanica. Ove imunolo\u0161ke stanice napadaju korijen kose, \u0161to u kona\u010dnici dovodi do kru\u017enog gubitka kose. U nekim slu\u010dajevima, osnovne bolesti kao \u0161to su bolesti \u0161titnja\u010de, neurodermitis ili psorijaza (psorijaza) mogu biti povezane s alopecijom areatom.<\/p>\n<p>Kru\u017eno ispadanje kose naj\u010de\u0161\u0107e poga\u0111a vlasi\u0161te, ali mo\u017ee zahvatiti i trepavice i obrve. Bolest se tipi\u010dno javlja u drugom ili tre\u0107em desetlje\u0107u \u017eivota.<\/p>\t\t\t\t\t\t\t\t<\/div>\n\t\t\t\t<\/div>\n\t\t<div class=\"elementor-element elementor-element-eadb0df e-grid post-image-section e-con-full e-con e-child\" data-id=\"eadb0df\" data-element_type=\"container\" data-e-type=\"container\" data-settings=\"{&quot;jet_parallax_layout_list&quot;:[]}\">\n\t\t\t\t<div class=\"elementor-element elementor-element-8d54be2 elementor-widget elementor-widget-image\" data-id=\"8d54be2\" data-element_type=\"widget\" data-e-type=\"widget\" data-widget_type=\"image.default\">\n\t\t\t\t<div class=\"elementor-widget-container\">\n\t\t\t\t\t\t\t\t\t\t\t\t\t\t\t<img loading=\"lazy\" decoding=\"async\" width=\"801\" height=\"1200\" src=\"https:\/\/www.hautarzt-markovic.de\/wp-content\/uploads\/2022\/04\/file.jpg\" class=\"attachment-full size-full wp-image-16359\" alt=\"Lije\u010denje gubitka kose (alopecija) kod dermatologa u Frankfurtu\" srcset=\"https:\/\/www.hautarzt-markovic.de\/wp-content\/uploads\/2022\/04\/file.jpg 801w, https:\/\/www.hautarzt-markovic.de\/wp-content\/uploads\/2022\/04\/file-200x300.jpg 200w, https:\/\/www.hautarzt-markovic.de\/wp-content\/uploads\/2022\/04\/file-684x1024.jpg 684w, https:\/\/www.hautarzt-markovic.de\/wp-content\/uploads\/2022\/04\/file-768x1151.jpg 768w\" sizes=\"(max-width: 801px) 100vw, 801px\" \/>\t\t\t\t\t\t\t\t\t\t\t\t\t\t\t<\/div>\n\t\t\t\t<\/div>\n\t\t\t\t<\/div>\n\t\t\t\t<div class=\"elementor-element elementor-element-ff4c2e1 elementor-widget elementor-widget-heading\" data-id=\"ff4c2e1\" data-element_type=\"widget\" data-e-type=\"widget\" data-widget_type=\"heading.default\">\n\t\t\t\t<div class=\"elementor-widget-container\">\n\t\t\t\t\t<h3 class=\"elementor-heading-title elementor-size-default\">Kako lije\u010dite kru\u017eni gubitak kose?<\/h3>\t\t\t\t<\/div>\n\t\t\t\t<\/div>\n\t\t\t\t<div class=\"elementor-element elementor-element-8574944 elementor-widget elementor-widget-text-editor\" data-id=\"8574944\" data-element_type=\"widget\" data-e-type=\"widget\" data-widget_type=\"text-editor.default\">\n\t\t\t\t<div class=\"elementor-widget-container\">\n\t\t\t\t\t\t\t\t\t<p>Postoje razli\u010diti terapijski pristupi lije\u010denju alopecije areate, ali svi imaju za cilj suzbijanje vlastitog imunolo\u0161kog sustava. Tu spadaju razne masti i kreme kao i sistemski terapeutici poput kortizona, citostatika ili JAK-STAT inhibitora. Me\u0111utim, oni bi se trebali koristiti samo u te\u0161kim slu\u010dajevima alopecije areate i nakon pa\u017eljivog razmatranja koristi i rizika.<\/p><p>U na\u0161oj ordinaciji u Frankfurtu nudimo lokalno lije\u010denje triamcinolonom, pri \u010demu se pripravak ubrizgava samo u zahva\u0107ena podru\u010dja. Ovaj tretman pokazuje stopu uspje\u0161nosti od oko 80%, a prve nove dla\u010dice po\u010dinju rasti oko 6-8 tjedana nakon prve injekcije.  <\/p>\t\t\t\t\t\t\t\t<\/div>\n\t\t\t\t<\/div>\n\t\t\t\t\t<\/div>\n\t\t\t\t<\/div>\n\t\t\t\t\t<\/div>\n\t\t\t\t<\/div>\n\t\t\t\t<\/div>\n\t\t","protected":false},"excerpt":{"rendered":"<p>Nudimo u\u010dinkovite tretmane gubitka kose kao \u0161to su PRP i mezoterapija za poticanje rasta kose i pobolj\u0161anje zdravlja kose.<\/p>\n","protected":false},"featured_media":16365,"template":"","class_list":["post-16352","service","type-service","status-publish","has-post-thumbnail","hentry"],"_links":{"self":[{"href":"https:\/\/www.hautarzt-markovic.de\/hr\/wp-json\/wp\/v2\/service\/16352","targetHints":{"allow":["GET"]}}],"collection":[{"href":"https:\/\/www.hautarzt-markovic.de\/hr\/wp-json\/wp\/v2\/service"}],"about":[{"href":"https:\/\/www.hautarzt-markovic.de\/hr\/wp-json\/wp\/v2\/types\/service"}],"version-history":[{"count":5,"href":"https:\/\/www.hautarzt-markovic.de\/hr\/wp-json\/wp\/v2\/service\/16352\/revisions"}],"predecessor-version":[{"id":25246,"href":"https:\/\/www.hautarzt-markovic.de\/hr\/wp-json\/wp\/v2\/service\/16352\/revisions\/25246"}],"wp:featuredmedia":[{"embeddable":true,"href":"https:\/\/www.hautarzt-markovic.de\/hr\/wp-json\/wp\/v2\/media\/16365"}],"wp:attachment":[{"href":"https:\/\/www.hautarzt-markovic.de\/hr\/wp-json\/wp\/v2\/media?parent=16352"}],"curies":[{"name":"wp","href":"https:\/\/api.w.org\/{rel}","templated":true}]}}